{"id":2563,"date":"2020-12-11T11:36:01","date_gmt":"2020-12-11T11:36:01","guid":{"rendered":"https:\/\/espiritualidade.carmelitas.pt\/boletim\/?page_id=2563"},"modified":"2020-12-12T09:26:58","modified_gmt":"2020-12-12T09:26:58","slug":"edith-stein","status":"publish","type":"page","link":"https:\/\/espiritualidade.carmelitas.pt\/boletim\/edith-stein\/","title":{"rendered":"Edith Stein"},"content":{"rendered":"\n<p class=\"has-medium-font-size\">Revista<\/p>\n\n\n\n<p>Revista de Espiritualidade n\u00ba 99-100<\/p>\n\n\n\n<p><\/p>\n\n\n\n<p class=\"has-medium-font-size\">Livros<\/p>\n\n\n\n<p><a href=\"http:\/\/www.carmelo.pt\/index.php?route=product\/product&amp;path=59_69&amp;product_id=254\">Ci\u00eancia da Cruz<\/a><\/p>\n\n\n\n<p><a href=\"http:\/\/www.carmelo.pt\/index.php?route=product\/product&amp;path=59_69&amp;product_id=246\">O comboio para Auschwitz &#8211; (Edith Stein conta-nos a sua vida)<\/a><\/p>\n\n\n\n<p><a href=\"http:\/\/www.carmelo.pt\/index.php?route=product\/product&amp;path=59_69&amp;product_id=104\">Perder para Ganhar<\/a><\/p>\n\n\n\n<p><a href=\"http:\/\/www.carmelo.pt\/index.php?route=product\/product&amp;path=59_69&amp;product_id=193\">A Mensagem de Natal<\/a><\/p>\n\n\n\n<p><a href=\"http:\/\/www.carmelo.pt\/index.php?route=product\/product&amp;path=59_69&amp;product_id=105\">As mais belas p\u00e1ginas de Edite Stein<\/a><\/p>\n\n\n\n<p><a href=\"http:\/\/www.carmelo.pt\/index.php?route=product\/product&amp;path=59_69&amp;product_id=106\">Edite Stein modelo de mulher crist\u00e3<\/a><\/p>\n\n\n\n<p><a href=\"http:\/\/www.carmelo.pt\/index.php?route=product\/product&amp;path=59_69&amp;product_id=107\">Edith Stein &#8211; Uma s\u00edntese dram\u00e1tica do s\u00e9c. XX<\/a><\/p>\n\n\n\n<p><a href=\"http:\/\/www.carmelo.pt\/index.php?route=product\/product&amp;path=59_69&amp;product_id=108\">Via Sacra com Edith Stein<\/a><\/p>\n\n\n\n<p><a href=\"http:\/\/www.carmelo.pt\/index.php?route=product\/product&amp;path=59_69&amp;product_id=109\">100 Fichas sobre &#8220;Edith Stein&#8221;<\/a><\/p>\n\n\n\n<p><\/p>\n\n\n\n<p class=\"has-medium-font-size\">Congresso &#8220;<a href=\"https:\/\/www.multimedia.carmelitas.pt\/congressos\">A Busca da Verdade em Edith Stein<\/a>&#8220;<\/p>\n\n\n\n<p><\/p>\n\n\n\n<figure class=\"wp-block-embed is-type-video is-provider-youtube wp-block-embed-youtube wp-embed-aspect-16-9 wp-has-aspect-ratio\"><div class=\"wp-block-embed__wrapper\">\n<iframe title=\"Edith Stein, uma vida em busca da verdade Pe. Agostinho Leal, ocd\" width=\"1080\" height=\"608\" src=\"https:\/\/www.youtube.com\/embed\/H4YkfAxXSIE?feature=oembed\" frameborder=\"0\" allow=\"accelerometer; autoplay; clipboard-write; encrypted-media; gyroscope; picture-in-picture\" allowfullscreen><\/iframe>\n<\/div><\/figure>\n\n\n\n<figure class=\"wp-block-embed is-type-video is-provider-youtube wp-block-embed-youtube wp-embed-aspect-16-9 wp-has-aspect-ratio\"><div class=\"wp-block-embed__wrapper\">\n<iframe title=\"A sua obra escrita | Pe. Javier Sancho Ferm\u00edn, ocd\" width=\"1080\" height=\"608\" src=\"https:\/\/www.youtube.com\/embed\/EFgSIAaDQZc?feature=oembed\" frameborder=\"0\" allow=\"accelerometer; autoplay; clipboard-write; encrypted-media; gyroscope; picture-in-picture\" allowfullscreen><\/iframe>\n<\/div><\/figure>\n\n\n\n<figure class=\"wp-block-embed is-type-video is-provider-youtube wp-block-embed-youtube wp-embed-aspect-16-9 wp-has-aspect-ratio\"><div class=\"wp-block-embed__wrapper\">\nhttps:\/\/youtu.be\/5CQLK-4Yv-0\n<\/div><\/figure>\n\n\n\n<figure class=\"wp-block-embed is-type-video is-provider-youtube wp-block-embed-youtube wp-embed-aspect-16-9 wp-has-aspect-ratio\"><div class=\"wp-block-embed__wrapper\">\n<iframe title=\"A novidade do pensamento antropol\u00f3gico steiniano: o conceito de voca\u00e7\u00e3o | Dra. Feliciana Merino\" width=\"1080\" height=\"608\" src=\"https:\/\/www.youtube.com\/embed\/GDmqN_lXarM?feature=oembed\" frameborder=\"0\" allow=\"accelerometer; autoplay; clipboard-write; encrypted-media; gyroscope; picture-in-picture\" allowfullscreen><\/iframe>\n<\/div><\/figure>\n\n\n\n<figure class=\"wp-block-embed is-type-video is-provider-youtube wp-block-embed-youtube wp-embed-aspect-16-9 wp-has-aspect-ratio\"><div class=\"wp-block-embed__wrapper\">\n<iframe title=\"Painel moderado por Pe. Javier Sancho Ferm\u00edn, ocd\" width=\"1080\" height=\"608\" src=\"https:\/\/www.youtube.com\/embed\/PpffBgJzaZc?feature=oembed\" frameborder=\"0\" allow=\"accelerometer; autoplay; clipboard-write; encrypted-media; gyroscope; picture-in-picture\" allowfullscreen><\/iframe>\n<\/div><\/figure>\n\n\n\n<figure class=\"wp-block-embed is-type-video is-provider-youtube wp-block-embed-youtube wp-embed-aspect-16-9 wp-has-aspect-ratio\"><div class=\"wp-block-embed__wrapper\">\n<iframe title=\"A condi\u00e7\u00e3o feminina segundo Edith Stein | Dra. Isabel Varanda\" width=\"1080\" height=\"608\" src=\"https:\/\/www.youtube.com\/embed\/BVu_Y89dZNY?feature=oembed\" frameborder=\"0\" allow=\"accelerometer; autoplay; clipboard-write; encrypted-media; gyroscope; picture-in-picture\" allowfullscreen><\/iframe>\n<\/div><\/figure>\n\n\n\n<figure class=\"wp-block-embed is-type-video is-provider-youtube wp-block-embed-youtube wp-embed-aspect-16-9 wp-has-aspect-ratio\"><div class=\"wp-block-embed__wrapper\">\n<iframe title=\"A intropatia em Edith Stein | Dr. Ant\u00f3nio Fidalgo\" width=\"1080\" height=\"608\" src=\"https:\/\/www.youtube.com\/embed\/mg7zZX5A_hA?feature=oembed\" frameborder=\"0\" allow=\"accelerometer; autoplay; clipboard-write; encrypted-media; gyroscope; picture-in-picture\" allowfullscreen><\/iframe>\n<\/div><\/figure>\n\n\n\n<figure class=\"wp-block-embed is-type-video is-provider-youtube wp-block-embed-youtube wp-embed-aspect-16-9 wp-has-aspect-ratio\"><div class=\"wp-block-embed__wrapper\">\n<iframe title=\"Col\u00f3quio moderado por Dra. Feliciana Merino\" width=\"1080\" height=\"608\" src=\"https:\/\/www.youtube.com\/embed\/9MhhjsBONBc?feature=oembed\" frameborder=\"0\" allow=\"accelerometer; autoplay; clipboard-write; encrypted-media; gyroscope; picture-in-picture\" allowfullscreen><\/iframe>\n<\/div><\/figure>\n\n\n\n<figure class=\"wp-block-embed is-type-video is-provider-youtube wp-block-embed-youtube wp-embed-aspect-16-9 wp-has-aspect-ratio\"><div class=\"wp-block-embed__wrapper\">\n<iframe title=\"Teologia da Cruz e espiritualidade  do abandono em Edith Stein | Dra. Teresa Messias\" width=\"1080\" height=\"608\" src=\"https:\/\/www.youtube.com\/embed\/UPgaGzck1H0?feature=oembed\" frameborder=\"0\" allow=\"accelerometer; autoplay; clipboard-write; encrypted-media; gyroscope; picture-in-picture\" allowfullscreen><\/iframe>\n<\/div><\/figure>\n","protected":false},"excerpt":{"rendered":"<p>Revista Revista de Espiritualidade n\u00ba 99-100 Livros Ci\u00eancia da Cruz O comboio para Auschwitz &#8211; (Edith Stein conta-nos a sua vida) Perder para Ganhar A Mensagem de Natal As mais [&hellip;]<\/p>\n","protected":false},"author":1,"featured_media":2298,"parent":0,"menu_order":0,"comment_status":"closed","ping_status":"closed","template":"","meta":{"_et_pb_use_builder":"off","_et_pb_old_content":"","_et_gb_content_width":"","footnotes":""},"class_list":["post-2563","page","type-page","status-publish","has-post-thumbnail","hentry"],"_links":{"self":[{"href":"https:\/\/espiritualidade.carmelitas.pt\/boletim\/wp-json\/wp\/v2\/pages\/2563","targetHints":{"allow":["GET"]}}],"collection":[{"href":"https:\/\/espiritualidade.carmelitas.pt\/boletim\/wp-json\/wp\/v2\/pages"}],"about":[{"href":"https:\/\/espiritualidade.carmelitas.pt\/boletim\/wp-json\/wp\/v2\/types\/page"}],"author":[{"embeddable":true,"href":"https:\/\/espiritualidade.carmelitas.pt\/boletim\/wp-json\/wp\/v2\/users\/1"}],"replies":[{"embeddable":true,"href":"https:\/\/espiritualidade.carmelitas.pt\/boletim\/wp-json\/wp\/v2\/comments?post=2563"}],"version-history":[{"count":9,"href":"https:\/\/espiritualidade.carmelitas.pt\/boletim\/wp-json\/wp\/v2\/pages\/2563\/revisions"}],"predecessor-version":[{"id":2579,"href":"https:\/\/espiritualidade.carmelitas.pt\/boletim\/wp-json\/wp\/v2\/pages\/2563\/revisions\/2579"}],"wp:featuredmedia":[{"embeddable":true,"href":"https:\/\/espiritualidade.carmelitas.pt\/boletim\/wp-json\/wp\/v2\/media\/2298"}],"wp:attachment":[{"href":"https:\/\/espiritualidade.carmelitas.pt\/boletim\/wp-json\/wp\/v2\/media?parent=2563"}],"curies":[{"name":"wp","href":"https:\/\/api.w.org\/{rel}","templated":true}]}}